{"id":9,"date":"2022-12-11T15:50:54","date_gmt":"2022-12-11T14:50:54","guid":{"rendered":"http:\/\/miamcollectif.org\/?page_id=9"},"modified":"2024-04-06T12:54:38","modified_gmt":"2024-04-06T10:54:38","slug":"newsletter-du-miam","status":"publish","type":"page","link":"https:\/\/miamcollectif.org\/","title":{"rendered":"Bienvenue au MIAM Collectif"},"content":{"rendered":"\n<h1 class=\"wp-block-heading has-text-align-center\" style=\"font-size:60px\"><strong>Bienvenue au MIAM Collectif !<\/strong><\/h1>\n\n\n\n<p><\/p>\n\n\n\n<div class=\"wp-block-group is-layout-constrained wp-block-group-is-layout-constrained\">\n<blockquote class=\"wp-block-quote is-layout-flow wp-block-quote-is-layout-flow\">\n<p>Ici, vous n\u2019\u00eates pas (vraiment) dans un restaurant. Ici, <strong>nous partageons des repas, un espace de vie<\/strong>. Parce que nous pensons que la cuisine est le meilleur moyen de cr\u00e9er du lien, notre association anime une <strong>cantine participative, anti-gaspillage<\/strong> \u00e0 prix libre et conscient.&nbsp;<\/p>\n\n\n\n<p>Le prix du repas est pes\u00e9 par vous en conscience. Cela permet de poser les bases d\u2019une r\u00e9flexion sur la valeur et la qualit\u00e9 de ce que vous mangez, quel travail commun a \u00e9t\u00e9 fourni pour en r\u00e9unir les ingr\u00e9dients, le pr\u00e9parer, vous attabler et dans quel projet d\u2019ensemble cela s\u2019inscrit. De cette mani\u00e8re, chacun.e paye selon ses moyens et selon ses valeurs. Certain.e.s donnent plus et d\u2019autres moins. Il n\u2019y a pas de \u201cmauvais prix\u201d. Il ne faut pas se sentir g\u00ean\u00e9.e, tout le monde est en capacit\u00e9 d\u2019estimer la juste valeur de ce qu\u2019il.elle consomme et quel prix semble juste en fonction des moyens dont il.elle dispose. Nous sugg\u00e9rons <strong>pour les personnes qui en ont la capacit\u00e9, de payer 12 euros ou plus pour leur repas<\/strong>, afin de contribuer \u00e0 la solidarit\u00e9 et de financer les divers besoins de fonctionnement du lieu (loyers, factures, achats, salaires, cotisations sociales\u2026).<\/p>\n\n\n\n<p><strong>L&rsquo;adh\u00e9sion \u00e0 l&rsquo;association \u00e0 l&rsquo;ann\u00e9e<\/strong>, de 5 euros, est <strong>obligatoire<\/strong>, mais peut cependant \u00eatre <strong>gratuite et solidaire <\/strong>pour les personnes en situation de pr\u00e9carit\u00e9.<\/p>\n\n\n\n<p>Cette <strong>cantine <\/strong>a \u00e9t\u00e9 cr\u00e9\u00e9e par un collectif d\u2019habitant.e.s du quartier qui partagent l\u2019envie d&rsquo;\u00eatre d\u2019ensemble. Chacun.e est ici comme chez elle \/ lui. <\/p>\n\n\n\n<p>Plus qu\u2019encourag\u00e9e, <strong>la participation de toutes et tous est n\u00e9cessaire<\/strong> pour tenir le cap d\u2019un lieu o\u00f9 la valeur marchande n\u2019est pas au centre. Quelques exemples de participation (liste non exhaustive) : couper les l\u00e9gumes, pr\u00e9parer les repas, d\u00e9barrasser les tables, faire un don, organiser un \u00e9v\u00e8nement\u2026 Vous pouvez \u00e9galement vous investir dans la vie d\u00e9mocratique de l\u2019association : une assembl\u00e9e g\u00e9n\u00e9rale r\u00e9unit les adh\u00e9rent.e.s une fois par an pour discuter des orientations de MIAM Collectif et un coll\u00e8ge de b\u00e9n\u00e9voles g\u00e8re la structure sur les plans administratif, strat\u00e9gique et financier. Bienvenue aux motiv\u00e9.e.s !<\/p>\n\n\n\n<p><em>Ce projet b\u00e9n\u00e9ficie du soutien des magasins Biocoop Cabestany, Claira et Canet-en-Roussillon, de l&rsquo;enseigne ProNatura, du chantier d&rsquo;insertion l&rsquo;\u00e9cole de la Terre et de nombreux acteurs de l&rsquo;agriculture locale. Il a \u00e9t\u00e9 laur\u00e9at de l&rsquo;appel \u00e0 projets de la r\u00e9gion Occitanie \u00ab D\u00e9veloppons l&rsquo;\u00e9conomie circulaire et la lutte contre le gaspillage alimentaire \u00bb en 2019 et du prix ESS \u00ab utilit\u00e9 sociale \u00bb 2021. Il est soutenu financi\u00e8rement par le conseil d\u00e9partemental des Pyr\u00e9n\u00e9es-Orientales et le FDVA.<\/em> <\/p>\n\n\n\n<p><strong>Pour en savoir plus sur nos approvisionnements et nos incroyables fournisseurs de fruits et l\u00e9gumes, nous vous proposons de<a href=\"https:\/\/miamcollectif.org\/index.php\/dou-viennent-les-fruits-et-legumes-du-miam\/\"> lire l&rsquo;article \u00e9crit par trois b\u00e9n\u00e9voles du MIAM.<\/a><\/strong><\/p>\n<\/blockquote>\n<\/div>\n\n\n\n<div style=\"height:21px\" aria-hidden=\"true\" class=\"wp-block-spacer\"><\/div>\n\n\n\n<figure class=\"wp-block-video\"><video height=\"720\" style=\"aspect-ratio: 1280 \/ 720;\" width=\"1280\" controls src=\"https:\/\/miamcollectif.org\/wp-content\/uploads\/2023\/01\/JT-13h-France-2-MIAM-05.01.23.mp4\"><\/video><figcaption class=\"wp-element-caption\"><em>Reportage France 2 du 05\/01\/2023<\/em><\/figcaption><\/figure>\n\n\n\n<hr class=\"wp-block-separator has-alpha-channel-opacity\"\/>\n\n\n\n<h2 class=\"wp-block-heading has-text-align-center\"><strong>Derni\u00e8res nouvelles du MIAM<\/strong><\/h2>\n\n\n\n<figure class=\"wp-block-image aligncenter size-large is-resized\"><img loading=\"lazy\" decoding=\"async\" width=\"852\" height=\"1024\" src=\"https:\/\/miamcollectif.org\/wp-content\/uploads\/2022\/12\/signal-2022-12-11-225120_002-852x1024.png\" alt=\"\" class=\"wp-image-86\" style=\"width:223px;height:267px\" srcset=\"https:\/\/miamcollectif.org\/wp-content\/uploads\/2022\/12\/signal-2022-12-11-225120_002-852x1024.png 852w, https:\/\/miamcollectif.org\/wp-content\/uploads\/2022\/12\/signal-2022-12-11-225120_002-250x300.png 250w, https:\/\/miamcollectif.org\/wp-content\/uploads\/2022\/12\/signal-2022-12-11-225120_002-768x923.png 768w, https:\/\/miamcollectif.org\/wp-content\/uploads\/2022\/12\/signal-2022-12-11-225120_002-1278x1536.png 1278w, https:\/\/miamcollectif.org\/wp-content\/uploads\/2022\/12\/signal-2022-12-11-225120_002.png 1342w\" sizes=\"auto, (max-width: 852px) 100vw, 852px\" \/><\/figure>\n\n\n\n<p>Voici les <strong>derni\u00e8res nouvelles <\/strong>du Miam Collectif, si vous voulez la recevoir directement par mail, inscrivez vous plus bas ! <\/p>\n\n\n<div class=\"wp-rss-template-container\" data-wpra-template=\"default\" data-template-ctx=\"eyJpc0FsbCI6ZmFsc2UsImxpbWl0IjoxNSwicGFnZSI6MSwiZXhjbHVkZSI6IiIsInNvdXJjZSI6IiIsInRlbXBsYXRlIjoiZGVmYXVsdCIsInBhZ2luYXRpb24iOnRydWV9\">\n    <div class=\"wp-rss-aggregator wpra-list-template  \" data-page=\"1\">\n    \n    \n<ul class=\"wpra-item-list rss-aggregator wpra-item-list--bullets wpra-item-list--default\"\n    start=\"1\">\n                        <li class=\"wpra-item feed-item \">\n            \n            \n\n    <a  href=\"https:\/\/mailchi.mp\/lilo\/programme-du-samedi-11-fevrier-17449285\" target=\"_blank\" rel=\"nofollow\" class=\"\">Novembre continue au MIAM  \ud83c\udf30\ud83c\udf42<\/a>\n\n\n\n\n\n\n<div class=\"wprss-feed-meta\">\n    \n            <span class=\"feed-date\">\n             12-11-2025\n        <\/span>\n    \n    <\/div>\n\n\n\n\n\n            \n        <\/li>\n                    <li class=\"wpra-item feed-item \">\n            \n            \n\n    <a  href=\"https:\/\/mailchi.mp\/lilo\/programme-du-samedi-11-fevrier-17449197\" target=\"_blank\" rel=\"nofollow\" class=\"\">Novembre continue au MIAM  \ud83c\udf30\ud83c\udf42<\/a>\n\n\n\n\n\n\n<div class=\"wprss-feed-meta\">\n    \n            <span class=\"feed-date\">\n             12-11-2025\n        <\/span>\n    \n    <\/div>\n\n\n\n\n\n            \n        <\/li>\n                    <li class=\"wpra-item feed-item \">\n            \n            \n\n    <a  href=\"https:\/\/mailchi.mp\/lilo\/programme-du-samedi-11-fevrier-17448660\" target=\"_blank\" rel=\"nofollow\" class=\"\">La semaine de l&#039;alimentation du MIAM \ud83c\udf74\ud83d\udc9b<\/a>\n\n\n\n\n\n\n<div class=\"wprss-feed-meta\">\n    \n            <span class=\"feed-date\">\n             29-10-2025\n        <\/span>\n    \n    <\/div>\n\n\n\n\n\n            \n        <\/li>\n                    <li class=\"wpra-item feed-item \">\n            \n            \n\n    <a  href=\"https:\/\/mailchi.mp\/lilo\/programme-du-samedi-11-fevrier-17447683\" target=\"_blank\" rel=\"nofollow\" class=\"\">Octobre au MIAM : pluie de saveurs et d&#039;animations \ud83e\udd55\ud83c\udf83<\/a>\n\n\n\n\n\n\n<div class=\"wprss-feed-meta\">\n    \n            <span class=\"feed-date\">\n             10-10-2025\n        <\/span>\n    \n    <\/div>\n\n\n\n\n\n            \n        <\/li>\n                    <li class=\"wpra-item feed-item \">\n            \n            \n\n    <a  href=\"https:\/\/mailchi.mp\/lilo\/programme-du-samedi-11-fevrier-17447531\" target=\"_blank\" rel=\"nofollow\" class=\"\">CE SOIR ET DEMAIN : THEATRE ! \ud83d\udd25<\/a>\n\n\n\n\n\n\n<div class=\"wprss-feed-meta\">\n    \n            <span class=\"feed-date\">\n             25-09-2025\n        <\/span>\n    \n    <\/div>\n\n\n\n\n\n            \n        <\/li>\n                    <li class=\"wpra-item feed-item \">\n            \n            \n\n    <a  href=\"https:\/\/mailchi.mp\/lilo\/programme-du-samedi-11-fevrier-17446809\" target=\"_blank\" rel=\"nofollow\" class=\"\">Septembre au MIAM \ud83d\udd25<\/a>\n\n\n\n\n\n\n<div class=\"wprss-feed-meta\">\n    \n            <span class=\"feed-date\">\n             05-09-2025\n        <\/span>\n    \n    <\/div>\n\n\n\n\n\n            \n        <\/li>\n                    <li class=\"wpra-item feed-item \">\n            \n            \n\n    <a  href=\"https:\/\/mailchi.mp\/lilo\/programme-du-samedi-11-fevrier-17445747\" target=\"_blank\" rel=\"nofollow\" class=\"\">DEMAIN, DERNIER SERVICE AVANT LA PAUSE ESTIVALE AU MIAM ! \ud83d\udd25\ud83e\udd29\ud83d\udcab<\/a>\n\n\n\n\n\n\n<div class=\"wprss-feed-meta\">\n    \n            <span class=\"feed-date\">\n             30-07-2025\n        <\/span>\n    \n    <\/div>\n\n\n\n\n\n            \n        <\/li>\n                    <li class=\"wpra-item feed-item \">\n            \n            \n\n    <a  href=\"https:\/\/mailchi.mp\/lilo\/programme-du-samedi-11-fevrier-17444907\" target=\"_blank\" rel=\"nofollow\" class=\"\">\ud83d\udc99\ud83d\udc1f\ud83c\udf0a En juillet, on c\u00e9l\u00e8bre la mer avec le MIAM ! \ud83d\udc99\ud83d\udc1f\ud83c\udf0a<\/a>\n\n\n\n\n\n\n<div class=\"wprss-feed-meta\">\n    \n            <span class=\"feed-date\">\n             02-07-2025\n        <\/span>\n    \n    <\/div>\n\n\n\n\n\n            \n        <\/li>\n                    <li class=\"wpra-item feed-item \">\n            \n            \n\n    <a  href=\"https:\/\/mailchi.mp\/lilo\/programme-du-samedi-11-fevrier-17444015\" target=\"_blank\" rel=\"nofollow\" class=\"\">Juin au MIAM : le mois de tous les talents ! \ud83d\udd25<\/a>\n\n\n\n\n\n\n<div class=\"wprss-feed-meta\">\n    \n            <span class=\"feed-date\">\n             03-06-2025\n        <\/span>\n    \n    <\/div>\n\n\n\n\n\n            \n        <\/li>\n                    <li class=\"wpra-item feed-item \">\n            \n            \n\n    <a  href=\"https:\/\/mailchi.mp\/lilo\/programme-du-samedi-11-fevrier-17443355\" target=\"_blank\" rel=\"nofollow\" class=\"\">\ud83d\udcab Invitation Assembl\u00e9e G\u00e9n\u00e9rale du MIAM Collectif \ud83d\udcab<\/a>\n\n\n\n\n\n\n<div class=\"wprss-feed-meta\">\n    \n            <span class=\"feed-date\">\n             15-05-2025\n        <\/span>\n    \n    <\/div>\n\n\n\n\n\n            \n        <\/li>\n                    <li class=\"wpra-item feed-item \">\n            \n            \n\n    <a  href=\"https:\/\/mailchi.mp\/lilo\/programme-du-samedi-11-fevrier-17442917\" target=\"_blank\" rel=\"nofollow\" class=\"\">En mai, une programmation qui nous plait ! \ud83d\udc9a<\/a>\n\n\n\n\n\n\n<div class=\"wprss-feed-meta\">\n    \n            <span class=\"feed-date\">\n             03-05-2025\n        <\/span>\n    \n    <\/div>\n\n\n\n\n\n            \n        <\/li>\n                    <li class=\"wpra-item feed-item \">\n            \n            \n\n    <a  href=\"https:\/\/mailchi.mp\/lilo\/programme-du-samedi-11-fevrier-17441895\" target=\"_blank\" rel=\"nofollow\" class=\"\">Un carnaval de saveurs au MIAM ! \ud83c\udf1e\ud83c\udf31\ud83e\udd29<\/a>\n\n\n\n\n\n\n<div class=\"wprss-feed-meta\">\n    \n            <span class=\"feed-date\">\n             01-04-2025\n        <\/span>\n    \n    <\/div>\n\n\n\n\n\n            \n        <\/li>\n                    <li class=\"wpra-item feed-item \">\n            \n            \n\n    <a  href=\"https:\/\/mailchi.mp\/lilo\/programme-du-samedi-11-fevrier-17440740\" target=\"_blank\" rel=\"nofollow\" class=\"\">Miam miam, \u00e7a sent le printemps !!\ud83c\udf1e\ud83d\udc9a\ud83c\udf31<\/a>\n\n\n\n\n\n\n<div class=\"wprss-feed-meta\">\n    \n            <span class=\"feed-date\">\n             01-03-2025\n        <\/span>\n    \n    <\/div>\n\n\n\n\n\n            \n        <\/li>\n                    <li class=\"wpra-item feed-item \">\n            \n            \n\n    <a  href=\"https:\/\/mailchi.mp\/lilo\/programme-du-samedi-11-fevrier-17439874\" target=\"_blank\" rel=\"nofollow\" class=\"\">Une programmation de feu en f\u00e9vrier ! \ud83d\udd25 \ud83d\udcab \ud83d\udd2a<\/a>\n\n\n\n\n\n\n<div class=\"wprss-feed-meta\">\n    \n            <span class=\"feed-date\">\n             31-01-2025\n        <\/span>\n    \n    <\/div>\n\n\n\n\n\n            \n        <\/li>\n                    <li class=\"wpra-item feed-item \">\n            \n            \n\n    <a  href=\"https:\/\/mailchi.mp\/lilo\/programme-du-samedi-11-fevrier-17439335\" target=\"_blank\" rel=\"nofollow\" class=\"\">\ud83e\udd29\ud83d\udc99\u26a1 5 ANS DE MIAM EN 2025 ! \ud83e\udd29\ud83d\udc99\u26a1<\/a>\n\n\n\n\n\n\n<div class=\"wprss-feed-meta\">\n    \n            <span class=\"feed-date\">\n             14-01-2025\n        <\/span>\n    \n    <\/div>\n\n\n\n\n\n            \n        <\/li>\n        <\/ul>\n\n            \n\n\n<div class=\"nav-links\">\n                                <span class=\"alignleft wpra-feed-current-page\">\n                1\n            <\/span>\n                                <div class=\"nav-next alignleft wpra-feed-page\">\n                <a data-wpra-page=\"2\">\n                    2\n                <\/a>\n            <\/div>\n                            <div class=\"nav-next alignleft wpra-feed-next-pages\">\n            <a data-wpra-page=\"2\">\n                Next            <\/a>\n        <\/div>\n    <\/div>\n\n        \n<\/div>\n\n<\/div>\n\n\n<script>(function() {\n\twindow.mc4wp = window.mc4wp || {\n\t\tlisteners: [],\n\t\tforms: {\n\t\t\ton: function(evt, cb) {\n\t\t\t\twindow.mc4wp.listeners.push(\n\t\t\t\t\t{\n\t\t\t\t\t\tevent   : evt,\n\t\t\t\t\t\tcallback: cb\n\t\t\t\t\t}\n\t\t\t\t);\n\t\t\t}\n\t\t}\n\t}\n})();\n<\/script><!-- Mailchimp for WordPress v4.9.18 - https:\/\/wordpress.org\/plugins\/mailchimp-for-wp\/ --><form id=\"mc4wp-form-1\" class=\"mc4wp-form mc4wp-form-12 mc4wp-form-theme mc4wp-form-theme-green\" method=\"post\" data-id=\"12\" data-name=\"Tu veux recevoir nos nouvelles par mail ? Inscris-toi \u00e0 notre newsletter en rentrant ton adresse mail\" ><div class=\"mc4wp-form-fields\"><p>\r\n\t<label>Tu veux recevoir nos nouvelles par mail ? Inscris-toi \u00e0 notre newsletter en rentrant ton adresse mail : \r\n\t\t<input type=\"email\" name=\"EMAIL\" placeholder=\"Votre adresse de courrier \u00e9lectronique\" required \/>\r\n<\/label>\r\n<\/p>\r\n\r\n<p>\r\n\t<input type=\"submit\" value=\"Abonnez-vous\" \/>\r\n<\/p><\/div><label style=\"display: none !important;\">Laissez ce champ vide si vous \u00eates humain\u00a0: <input type=\"text\" name=\"_mc4wp_honeypot\" value=\"\" tabindex=\"-1\" autocomplete=\"off\" \/><\/label><input type=\"hidden\" name=\"_mc4wp_timestamp\" value=\"1777380815\" \/><input type=\"hidden\" name=\"_mc4wp_form_id\" value=\"12\" \/><input type=\"hidden\" name=\"_mc4wp_form_element_id\" value=\"mc4wp-form-1\" \/><div class=\"mc4wp-response\"><\/div><\/form><!-- \/ Mailchimp for WordPress Plugin -->\n\n\n<div style=\"height:18px\" aria-hidden=\"true\" class=\"wp-block-spacer\"><\/div>\n\n\n\n<hr class=\"wp-block-separator has-alpha-channel-opacity\"\/>\n\n\n\n<div style=\"height:18px\" aria-hidden=\"true\" class=\"wp-block-spacer\"><\/div>\n\n\n\n<h2 class=\"wp-block-heading has-text-align-center\"><strong>Plus d&rsquo;informations<\/strong><\/h2>\n\n\n\n<figure class=\"wp-block-image size-large\"><img loading=\"lazy\" decoding=\"async\" width=\"1024\" height=\"683\" src=\"https:\/\/miamcollectif.org\/wp-content\/uploads\/2022\/12\/signal-2022-12-11-173736_002-1024x683.jpeg\" alt=\"\" class=\"wp-image-80\" srcset=\"https:\/\/miamcollectif.org\/wp-content\/uploads\/2022\/12\/signal-2022-12-11-173736_002-1024x683.jpeg 1024w, https:\/\/miamcollectif.org\/wp-content\/uploads\/2022\/12\/signal-2022-12-11-173736_002-300x200.jpeg 300w, https:\/\/miamcollectif.org\/wp-content\/uploads\/2022\/12\/signal-2022-12-11-173736_002-768x512.jpeg 768w, https:\/\/miamcollectif.org\/wp-content\/uploads\/2022\/12\/signal-2022-12-11-173736_002-1536x1024.jpeg 1536w, https:\/\/miamcollectif.org\/wp-content\/uploads\/2022\/12\/signal-2022-12-11-173736_002-2048x1365.jpeg 2048w\" sizes=\"auto, (max-width: 1024px) 100vw, 1024px\" \/><figcaption class=\"wp-element-caption\">Photographe : @<a href=\"https:\/\/www.instagram.com\/tristana_carrasco\/?__coig_restricted=1\" target=\"_blank\" rel=\"noreferrer noopener\">Tristana_carasco<\/a><\/figcaption><\/figure>\n\n\n\n<div class=\"wp-block-group is-layout-constrained wp-block-group-is-layout-constrained\">\n<blockquote class=\"wp-block-quote is-layout-flow wp-block-quote-is-layout-flow\">\n<p><strong>L&rsquo;association <a rel=\"noreferrer noopener\" href=\"https:\/\/www.assistant-juridique.fr\/association_collegiale.jsp\" data-type=\"URL\" data-id=\"https:\/\/www.assistant-juridique.fr\/association_collegiale.jsp\" target=\"_blank\">coll\u00e9giale<\/a> MIAM Collectif<\/strong> a \u00e9t\u00e9 cr\u00e9\u00e9e en<strong> avril 2018<\/strong> et son projet se trouve dans son nom : <strong>nous avons de l&rsquo;app\u00e9tit<\/strong>!&nbsp;<\/p>\n\n\n\n<p>L&rsquo;app\u00e9tit pour les bonnes choses, les bons moments, les belles rencontres mais aussi celui de l\u2019anti-gaspillage. <\/p>\n\n\n\n<div class=\"wp-block-group is-layout-constrained wp-block-group-is-layout-constrained\">\n<div class=\"wp-block-columns is-layout-flex wp-container-core-columns-is-layout-28f84493 wp-block-columns-is-layout-flex\">\n<div class=\"wp-block-column is-layout-flow wp-block-column-is-layout-flow\">\n<p>Depuis janvier 2020, un collectif compos\u00e9 d&rsquo;une <strong>soixantaine de b\u00e9n\u00e9voles actifs<\/strong>, accompagn\u00e9s par <strong>quatre salari\u00e9.e.<\/strong>s et une <strong>\u00e9quipe de dirigeant.e.s b\u00e9n\u00e9voles<\/strong> anime une cantine de quartier dans le centre ville de Perpignan qui r\u00e9cup\u00e8re et transforme des <strong>fruits et l\u00e9gumes bio invendus<\/strong>. <\/p>\n<\/div>\n\n\n\n<div class=\"wp-block-column is-layout-flow wp-block-column-is-layout-flow\">\n<figure class=\"wp-block-image alignleft size-large is-resized\"><img loading=\"lazy\" decoding=\"async\" width=\"1024\" height=\"662\" src=\"https:\/\/miamcollectif.org\/wp-content\/uploads\/2022\/12\/image-1-1024x662.png\" alt=\"\" class=\"wp-image-91\" style=\"width:331px;height:213px\" srcset=\"https:\/\/miamcollectif.org\/wp-content\/uploads\/2022\/12\/image-1-1024x662.png 1024w, https:\/\/miamcollectif.org\/wp-content\/uploads\/2022\/12\/image-1-300x194.png 300w, https:\/\/miamcollectif.org\/wp-content\/uploads\/2022\/12\/image-1-768x496.png 768w, https:\/\/miamcollectif.org\/wp-content\/uploads\/2022\/12\/image-1.png 1210w\" sizes=\"auto, (max-width: 1024px) 100vw, 1024px\" \/><\/figure>\n<\/div>\n<\/div>\n<\/div>\n\n\n\n<p>La pr\u00e9paration des repas et le service sont assur\u00e9s conjointement par des salari\u00e9.e.s et des b\u00e9n\u00e9voles.&nbsp;<\/p>\n\n\n\n<p>R\u00e9guli\u00e8rement, autour et en dehors des repas, d&rsquo;autres temps de convivialit\u00e9 sont organis\u00e9s (jeux collectifs, march\u00e9 paysan \u00e0 petits prix, mini fripe, vide grenier), le tout pour servir des objectifs d&rsquo;animation de ce quartier populaire et en faire un espace de vie partag\u00e9.<\/p>\n\n\n\n<p>Forte de cette exp\u00e9rience avec pr\u00e8s de <em><strong>1 900 adh\u00e9rent.e.s<\/strong><\/em>, l&rsquo;association souhaite aujourd&rsquo;hui se d\u00e9velopper et <strong>devenir propri\u00e9taire de son propre local <\/strong>pour f\u00e9d\u00e9rer des initiatives autour d&rsquo;un nouveau lieu dans le centre-ville de Perpignan.<\/p>\n\n\n\n<p><\/p>\n<\/blockquote>\n<\/div>\n\n\n\n<div style=\"height:11px\" aria-hidden=\"true\" class=\"wp-block-spacer\"><\/div>\n\n\n\n<hr class=\"wp-block-separator has-alpha-channel-opacity\"\/>\n\n\n\n<div style=\"height:14px\" aria-hidden=\"true\" class=\"wp-block-spacer\"><\/div>\n\n\n\n<h2 class=\"wp-block-heading has-text-align-center\"><strong>On parle de nous !<\/strong><\/h2>\n\n\n\n<div style=\"height:16px\" aria-hidden=\"true\" class=\"wp-block-spacer\"><\/div>\n\n\n\n<figure class=\"wp-block-embed is-type-wp-embed is-provider-made-in-perpignan wp-block-embed-made-in-perpignan\"><div class=\"wp-block-embed__wrapper\">\n<blockquote class=\"wp-embedded-content\" data-secret=\"R9cgtCc9VY\"><a href=\"https:\/\/madeinperpignan.com\/chronique-premiere-miam-radio-cantine-associative\/\">Chronique | Au coeur de Perpignan, les premiers pas de la Miam radio<\/a><\/blockquote><iframe loading=\"lazy\" class=\"wp-embedded-content\" sandbox=\"allow-scripts\" security=\"restricted\" style=\"position: absolute; visibility: hidden;\" title=\"\u00ab\u00a0Chronique | Au coeur de Perpignan, les premiers pas de la Miam radio\u00a0\u00bb &#8212; MADE IN PERPIGNAN\" src=\"https:\/\/madeinperpignan.com\/chronique-premiere-miam-radio-cantine-associative\/embed\/#?secret=zI0gFWIAXk#?secret=R9cgtCc9VY\" data-secret=\"R9cgtCc9VY\" width=\"500\" height=\"282\" frameborder=\"0\" marginwidth=\"0\" marginheight=\"0\" scrolling=\"no\"><\/iframe>\n<\/div><\/figure>\n\n\n\n<p><a href=\"https:\/\/www.francebleu.fr\/emissions\/france-bleu-roussillon-bienvenue-chez-vous\/decouvrez-cette-cantine-de-l-anti-gaspi-au-service-de-tous-a-perpignan-6862950\">https:\/\/www.francebleu.fr\/emissions\/france-bleu-roussillon-bienvenue-chez-vous\/decouvrez-cette-cantine-de-l-anti-gaspi-au-service-de-tous-a-perpignan-6862950<\/a><\/p>\n\n\n\n<p><a href=\"https:\/\/france3-regions.francetvinfo.fr\/occitanie\/pyrenees-orientales\/perpignan\/video-le-miam-collectif-le-cafe-restaurant-solidaire-et-carnavalesque-2926842.html\">https:\/\/france3-regions.francetvinfo.fr\/occitanie\/pyrenees-orientales\/perpignan\/video-le-miam-collectif-le-cafe-restaurant-solidaire-et-carnavalesque-2926842.html<\/a><\/p>\n\n\n\n<p><a href=\"https:\/\/www.radiofrance.fr\/franceinter\/podcasts\/carnets-de-campagne\/carnets-de-campagne-du-mercredi-14-fevrier-2024-1471356\">https:\/\/www.radiofrance.fr\/franceinter\/podcasts\/carnets-de-campagne\/carnets-de-campagne-du-mercredi-14-fevrier-2024-1471356<\/a><\/p>\n\n\n\n<p class=\"has-text-align-left\"><a href=\"https:\/\/reporterre.net\/A-Perpignan-une-cantine-anti-gaspi-au-service-des-plus-demunis\" target=\"_blank\" rel=\"noreferrer noopener\">https:\/\/reporterre.net\/A-Perpignan-une-cantine-anti-gaspi-au-service-des-plus-demunis<\/a><\/p>\n\n\n\n<p><\/p>\n\n\n\n<p><a href=\"https:\/\/www.radiofrance.fr\/franceculture\/podcasts\/les-pieds-sur-terre\/le-miam-de-perpignan-1435333\" target=\"_blank\" rel=\"noreferrer noopener\">https:\/\/www.radiofrance.fr\/franceculture\/podcasts\/les-pieds-sur-terre\/le-miam-de-perpignan-1435333<\/a><\/p>\n\n\n\n<p><a href=\"https:\/\/www.20minutes.fr\/societe\/2960971-20210125-perpignan-cantine-miam-collectif-propose-menus-vegetariens-produits-invendus\" target=\"_blank\" rel=\"noreferrer noopener\">https:\/\/www.20minutes.fr\/societe\/2960971-20210125-perpignan-cantine-miam-collectif-propose-menus-vegetariens-produits-invendus<\/a><\/p>\n\n\n\n<p><a rel=\"noreferrer noopener\" href=\"https:\/\/www.francebleu.fr\/emissions\/circuit-court-en-roussillon\/roussillon\/le-miam-collectif-la-cantine-solidaire-de-perpignan\" target=\"_blank\">https:\/\/www.francebleu.fr\/emissions\/circuit-court-en-roussillon\/roussillon\/le-miam-collectif-la-cantine-solidaire-de-perpignan<\/a><\/p>\n\n\n\n<p><a href=\"https:\/\/www.airzen.fr\/perpignan-le-miam-collectif-propose-une-cantine-populaire-et-bio\/\">https:\/\/www.airzen.fr\/perpignan-le-miam-collectif-propose-une-cantine-populaire-et-bio\/<\/a><\/p>\n","protected":false},"excerpt":{"rendered":"<p>Bienvenue au MIAM Collectif ! Ici, vous n\u2019\u00eates pas (vraiment) dans un restaurant. Ici, nous partageons des repas, un espace de vie. Parce que nous pensons que la cuisine est le meilleur moyen de cr\u00e9er du lien, notre association anime une cantine participative, anti-gaspillage \u00e0 prix libre et conscient.&nbsp; Le prix du repas est pes\u00e9 [&hellip;]<\/p>\n","protected":false},"author":1,"featured_media":0,"parent":0,"menu_order":0,"comment_status":"closed","ping_status":"closed","template":"","meta":{"footnotes":""},"class_list":["post-9","page","type-page","status-publish","hentry"],"yoast_head":"<!-- This site is optimized with the Yoast SEO plugin v23.7 - https:\/\/yoast.com\/wordpress\/plugins\/seo\/ -->\n<title>Bienvenue au MIAM Collectif<\/title>\n<meta name=\"description\" content=\"Ici, vous n\u2019\u00eates pas (vraiment) dans un restaurant. Ici, nous partageons des repas, un espace de vie. La cuisine est le meilleur moyen de cr\u00e9er du lien, notre association anime une cantine participative, anti-gaspillage \u00e0 prix libre et conscient.\u00a0\" \/>\n<meta name=\"robots\" content=\"index, follow, max-snippet:-1, max-image-preview:large, max-video-preview:-1\" \/>\n<link rel=\"canonical\" href=\"https:\/\/miamcollectif.org\/\" \/>\n<meta property=\"og:locale\" content=\"fr_FR\" \/>\n<meta property=\"og:type\" content=\"article\" \/>\n<meta property=\"og:title\" content=\"Bienvenue au MIAM Collectif\" \/>\n<meta property=\"og:description\" content=\"Ici, vous n\u2019\u00eates pas (vraiment) dans un restaurant. Ici, nous partageons des repas, un espace de vie. La cuisine est le meilleur moyen de cr\u00e9er du lien, notre association anime une cantine participative, anti-gaspillage \u00e0 prix libre et conscient.\u00a0\" \/>\n<meta property=\"og:url\" content=\"https:\/\/miamcollectif.org\/\" \/>\n<meta property=\"og:site_name\" content=\"Miam Collectif\" \/>\n<meta property=\"article:publisher\" content=\"https:\/\/www.facebook.com\/miamcollectif\/\" \/>\n<meta property=\"article:modified_time\" content=\"2024-04-06T10:54:38+00:00\" \/>\n<meta property=\"og:image\" content=\"https:\/\/miamcollectif.org\/wp-content\/uploads\/2022\/12\/signal-2022-12-11-225120_002-852x1024.png\" \/>\n<meta name=\"twitter:card\" content=\"summary_large_image\" \/>\n<meta name=\"twitter:label1\" content=\"Dur\u00e9e de lecture estim\u00e9e\" \/>\n\t<meta name=\"twitter:data1\" content=\"1 minute\" \/>\n<script type=\"application\/ld+json\" class=\"yoast-schema-graph\">{\"@context\":\"https:\/\/schema.org\",\"@graph\":[{\"@type\":\"WebPage\",\"@id\":\"https:\/\/miamcollectif.org\/\",\"url\":\"https:\/\/miamcollectif.org\/\",\"name\":\"Bienvenue au MIAM Collectif\",\"isPartOf\":{\"@id\":\"https:\/\/miamcollectif.org\/#website\"},\"primaryImageOfPage\":{\"@id\":\"https:\/\/miamcollectif.org\/#primaryimage\"},\"image\":{\"@id\":\"https:\/\/miamcollectif.org\/#primaryimage\"},\"thumbnailUrl\":\"https:\/\/miamcollectif.org\/wp-content\/uploads\/2022\/12\/signal-2022-12-11-225120_002-852x1024.png\",\"datePublished\":\"2022-12-11T14:50:54+00:00\",\"dateModified\":\"2024-04-06T10:54:38+00:00\",\"description\":\"Ici, vous n\u2019\u00eates pas (vraiment) dans un restaurant. Ici, nous partageons des repas, un espace de vie. La cuisine est le meilleur moyen de cr\u00e9er du lien, notre association anime une cantine participative, anti-gaspillage \u00e0 prix libre et conscient.\u00a0\",\"breadcrumb\":{\"@id\":\"https:\/\/miamcollectif.org\/#breadcrumb\"},\"inLanguage\":\"fr-FR\",\"potentialAction\":[{\"@type\":\"ReadAction\",\"target\":[\"https:\/\/miamcollectif.org\/\"]}]},{\"@type\":\"ImageObject\",\"inLanguage\":\"fr-FR\",\"@id\":\"https:\/\/miamcollectif.org\/#primaryimage\",\"url\":\"https:\/\/miamcollectif.org\/wp-content\/uploads\/2022\/12\/signal-2022-12-11-225120_002.png\",\"contentUrl\":\"https:\/\/miamcollectif.org\/wp-content\/uploads\/2022\/12\/signal-2022-12-11-225120_002.png\",\"width\":1342,\"height\":1613},{\"@type\":\"BreadcrumbList\",\"@id\":\"https:\/\/miamcollectif.org\/#breadcrumb\",\"itemListElement\":[{\"@type\":\"ListItem\",\"position\":1,\"name\":\"Accueil\",\"item\":\"https:\/\/miamcollectif.org\/\"},{\"@type\":\"ListItem\",\"position\":2,\"name\":\"Bienvenue au MIAM Collectif\"}]},{\"@type\":\"WebSite\",\"@id\":\"https:\/\/miamcollectif.org\/#website\",\"url\":\"https:\/\/miamcollectif.org\/\",\"name\":\"Miam Collectif - Cantine Solidaire\",\"description\":\"Le site du Miam !\",\"publisher\":{\"@id\":\"https:\/\/miamcollectif.org\/#organization\"},\"alternateName\":\"Miam Collectif\",\"potentialAction\":[{\"@type\":\"SearchAction\",\"target\":{\"@type\":\"EntryPoint\",\"urlTemplate\":\"https:\/\/miamcollectif.org\/?s={search_term_string}\"},\"query-input\":{\"@type\":\"PropertyValueSpecification\",\"valueRequired\":true,\"valueName\":\"search_term_string\"}}],\"inLanguage\":\"fr-FR\"},{\"@type\":\"Organization\",\"@id\":\"https:\/\/miamcollectif.org\/#organization\",\"name\":\"Miam Collectif\",\"alternateName\":\"Miam\",\"url\":\"https:\/\/miamcollectif.org\/\",\"logo\":{\"@type\":\"ImageObject\",\"inLanguage\":\"fr-FR\",\"@id\":\"https:\/\/miamcollectif.org\/#\/schema\/logo\/image\/\",\"url\":\"https:\/\/miamcollectif.org\/wp-content\/uploads\/2022\/12\/miamlogo.jpeg\",\"contentUrl\":\"https:\/\/miamcollectif.org\/wp-content\/uploads\/2022\/12\/miamlogo.jpeg\",\"width\":1830,\"height\":1488,\"caption\":\"Miam Collectif\"},\"image\":{\"@id\":\"https:\/\/miamcollectif.org\/#\/schema\/logo\/image\/\"},\"sameAs\":[\"https:\/\/www.facebook.com\/miamcollectif\/\"]}]}<\/script>\n<!-- \/ Yoast SEO plugin. -->","yoast_head_json":{"title":"Bienvenue au MIAM Collectif","description":"Ici, vous n\u2019\u00eates pas (vraiment) dans un restaurant. Ici, nous partageons des repas, un espace de vie. La cuisine est le meilleur moyen de cr\u00e9er du lien, notre association anime une cantine participative, anti-gaspillage \u00e0 prix libre et conscient.\u00a0","robots":{"index":"index","follow":"follow","max-snippet":"max-snippet:-1","max-image-preview":"max-image-preview:large","max-video-preview":"max-video-preview:-1"},"canonical":"https:\/\/miamcollectif.org\/","og_locale":"fr_FR","og_type":"article","og_title":"Bienvenue au MIAM Collectif","og_description":"Ici, vous n\u2019\u00eates pas (vraiment) dans un restaurant. Ici, nous partageons des repas, un espace de vie. La cuisine est le meilleur moyen de cr\u00e9er du lien, notre association anime une cantine participative, anti-gaspillage \u00e0 prix libre et conscient.\u00a0","og_url":"https:\/\/miamcollectif.org\/","og_site_name":"Miam Collectif","article_publisher":"https:\/\/www.facebook.com\/miamcollectif\/","article_modified_time":"2024-04-06T10:54:38+00:00","og_image":[{"url":"https:\/\/miamcollectif.org\/wp-content\/uploads\/2022\/12\/signal-2022-12-11-225120_002-852x1024.png"}],"twitter_card":"summary_large_image","twitter_misc":{"Dur\u00e9e de lecture estim\u00e9e":"1 minute"},"schema":{"@context":"https:\/\/schema.org","@graph":[{"@type":"WebPage","@id":"https:\/\/miamcollectif.org\/","url":"https:\/\/miamcollectif.org\/","name":"Bienvenue au MIAM Collectif","isPartOf":{"@id":"https:\/\/miamcollectif.org\/#website"},"primaryImageOfPage":{"@id":"https:\/\/miamcollectif.org\/#primaryimage"},"image":{"@id":"https:\/\/miamcollectif.org\/#primaryimage"},"thumbnailUrl":"https:\/\/miamcollectif.org\/wp-content\/uploads\/2022\/12\/signal-2022-12-11-225120_002-852x1024.png","datePublished":"2022-12-11T14:50:54+00:00","dateModified":"2024-04-06T10:54:38+00:00","description":"Ici, vous n\u2019\u00eates pas (vraiment) dans un restaurant. Ici, nous partageons des repas, un espace de vie. La cuisine est le meilleur moyen de cr\u00e9er du lien, notre association anime une cantine participative, anti-gaspillage \u00e0 prix libre et conscient.\u00a0","breadcrumb":{"@id":"https:\/\/miamcollectif.org\/#breadcrumb"},"inLanguage":"fr-FR","potentialAction":[{"@type":"ReadAction","target":["https:\/\/miamcollectif.org\/"]}]},{"@type":"ImageObject","inLanguage":"fr-FR","@id":"https:\/\/miamcollectif.org\/#primaryimage","url":"https:\/\/miamcollectif.org\/wp-content\/uploads\/2022\/12\/signal-2022-12-11-225120_002.png","contentUrl":"https:\/\/miamcollectif.org\/wp-content\/uploads\/2022\/12\/signal-2022-12-11-225120_002.png","width":1342,"height":1613},{"@type":"BreadcrumbList","@id":"https:\/\/miamcollectif.org\/#breadcrumb","itemListElement":[{"@type":"ListItem","position":1,"name":"Accueil","item":"https:\/\/miamcollectif.org\/"},{"@type":"ListItem","position":2,"name":"Bienvenue au MIAM Collectif"}]},{"@type":"WebSite","@id":"https:\/\/miamcollectif.org\/#website","url":"https:\/\/miamcollectif.org\/","name":"Miam Collectif - Cantine Solidaire","description":"Le site du Miam !","publisher":{"@id":"https:\/\/miamcollectif.org\/#organization"},"alternateName":"Miam Collectif","potentialAction":[{"@type":"SearchAction","target":{"@type":"EntryPoint","urlTemplate":"https:\/\/miamcollectif.org\/?s={search_term_string}"},"query-input":{"@type":"PropertyValueSpecification","valueRequired":true,"valueName":"search_term_string"}}],"inLanguage":"fr-FR"},{"@type":"Organization","@id":"https:\/\/miamcollectif.org\/#organization","name":"Miam Collectif","alternateName":"Miam","url":"https:\/\/miamcollectif.org\/","logo":{"@type":"ImageObject","inLanguage":"fr-FR","@id":"https:\/\/miamcollectif.org\/#\/schema\/logo\/image\/","url":"https:\/\/miamcollectif.org\/wp-content\/uploads\/2022\/12\/miamlogo.jpeg","contentUrl":"https:\/\/miamcollectif.org\/wp-content\/uploads\/2022\/12\/miamlogo.jpeg","width":1830,"height":1488,"caption":"Miam Collectif"},"image":{"@id":"https:\/\/miamcollectif.org\/#\/schema\/logo\/image\/"},"sameAs":["https:\/\/www.facebook.com\/miamcollectif\/"]}]}},"_links":{"self":[{"href":"https:\/\/miamcollectif.org\/index.php\/wp-json\/wp\/v2\/pages\/9","targetHints":{"allow":["GET"]}}],"collection":[{"href":"https:\/\/miamcollectif.org\/index.php\/wp-json\/wp\/v2\/pages"}],"about":[{"href":"https:\/\/miamcollectif.org\/index.php\/wp-json\/wp\/v2\/types\/page"}],"author":[{"embeddable":true,"href":"https:\/\/miamcollectif.org\/index.php\/wp-json\/wp\/v2\/users\/1"}],"replies":[{"embeddable":true,"href":"https:\/\/miamcollectif.org\/index.php\/wp-json\/wp\/v2\/comments?post=9"}],"version-history":[{"count":39,"href":"https:\/\/miamcollectif.org\/index.php\/wp-json\/wp\/v2\/pages\/9\/revisions"}],"predecessor-version":[{"id":316,"href":"https:\/\/miamcollectif.org\/index.php\/wp-json\/wp\/v2\/pages\/9\/revisions\/316"}],"wp:attachment":[{"href":"https:\/\/miamcollectif.org\/index.php\/wp-json\/wp\/v2\/media?parent=9"}],"curies":[{"name":"wp","href":"https:\/\/api.w.org\/{rel}","templated":true}]}}